{"id":2696,"date":"2026-04-07T09:28:27","date_gmt":"2026-04-07T12:28:27","guid":{"rendered":"https:\/\/epistemeonline.com\/?page_id=2696"},"modified":"2026-04-07T09:35:45","modified_gmt":"2026-04-07T12:35:45","slug":"modelos-de-documentos-cme","status":"publish","type":"page","link":"https:\/\/epistemeonline.com\/index.php\/modelos-de-documentos-cme\/","title":{"rendered":"Modelos de documentos CME"},"content":{"rendered":"\n<!DOCTYPE html>\n<html lang=\"pt-BR\">\n<head>\n  <meta charset=\"UTF-8\" \/>\n  <meta name=\"viewport\" content=\"width=device-width, initial-scale=1.0\" \/>\n  <title>Portal EPISTEME | Conselho Municipal de Educa\u00e7\u00e3o<\/title>\n  <style>\n    :root {\n      --bg: #f2f2f2;\n      --bg-soft: #ffffff;\n      --card: rgba(255, 255, 255, 0.96);\n      --card-strong: #ffffff;\n      --text: #000000;\n      --text-soft: #474747;\n      --primary: #990000;\n      --primary-2: #BF2600;\n      --primary-3: rgba(153, 0, 0, 0.08);\n      --accent: #BF2600;\n      --accent-soft: rgba(191, 38, 0, 0.08);\n      --border: rgba(0, 0, 0, 0.08);\n      --shadow: 0 20px 50px rgba(0, 0, 0, 0.10);\n      --shadow-soft: 0 10px 28px rgba(0, 0, 0, 0.06);\n      --radius-xl: 28px;\n      --radius-lg: 22px;\n      --radius-md: 16px;\n      --radius-sm: 12px;\n      --max: 1280px;\n    }\n\n    * {\n      box-sizing: border-box;\n    }\n\n    html {\n      scroll-behavior: smooth;\n    }\n\n    body {\n      margin: 0;\n      font-family: Inter, system-ui, -apple-system, BlinkMacSystemFont, \"Segoe UI\", sans-serif;\n      color: var(--text);\n      background:\n        radial-gradient(circle at top left, rgba(153, 0, 0, 0.08), transparent 28%),\n        radial-gradient(circle at top right, rgba(191, 38, 0, 0.08), transparent 24%),\n        linear-gradient(180deg, #ffffff 0%, #f2f2f2 100%);\n      line-height: 1.55;\n    }\n\n    a {\n      color: inherit;\n      text-decoration: none;\n    }\n\n    .portal-cme {\n      width: min(100% - 32px, var(--max));\n      margin: 32px auto 60px;\n    }\n\n    .hero {\n      position: relative;\n      overflow: hidden;\n      padding: 40px;\n      border-radius: var(--radius-xl);\n      background:\n        linear-gradient(135deg, rgba(153, 0, 0, 0.98), rgba(191, 38, 0, 0.96) 68%, rgba(0, 0, 0, 0.94));\n      color: #fff;\n      box-shadow: var(--shadow);\n      isolation: isolate;\n    }\n\n    .hero::before,\n    .hero::after {\n      content: \"\";\n      position: absolute;\n      border-radius: 999px;\n      z-index: -1;\n    }\n\n    .hero::before {\n      width: 340px;\n      height: 340px;\n      background: rgba(255,255,255,0.06);\n      right: -90px;\n      top: -120px;\n    }\n\n    .hero::after {\n      width: 250px;\n      height: 250px;\n      background: rgba(255,255,255,0.05);\n      left: -70px;\n      bottom: -120px;\n    }\n\n    .hero-top {\n      display: flex;\n      align-items: center;\n      gap: 14px;\n      margin-bottom: 18px;\n      flex-wrap: wrap;\n    }\n\n    .badge {\n      display: inline-flex;\n      align-items: center;\n      gap: 8px;\n      padding: 10px 14px;\n      border-radius: 999px;\n      background: rgba(255,255,255,0.12);\n      border: 1px solid rgba(255,255,255,0.16);\n      backdrop-filter: blur(8px);\n      font-size: 0.9rem;\n      font-weight: 700;\n      letter-spacing: 0.02em;\n    }\n\n    .hero h1 {\n      margin: 0;\n      font-size: clamp(2rem, 3vw, 3.1rem);\n      line-height: 1.06;\n      letter-spacing: -0.035em;\n      max-width: 940px;\n    }\n\n    .hero p {\n      margin: 14px 0 0;\n      font-size: 1rem;\n      max-width: 920px;\n      color: rgba(255,255,255,0.9);\n    }\n\n    .hero-actions {\n      margin-top: 26px;\n      display: flex;\n      gap: 12px;\n      flex-wrap: wrap;\n    }\n\n    .hero-btn {\n      display: inline-flex;\n      align-items: center;\n      justify-content: center;\n      gap: 10px;\n      padding: 13px 18px;\n      border-radius: 14px;\n      font-weight: 700;\n      transition: 0.25s ease;\n      border: 1px solid transparent;\n    }\n\n    .hero-btn.primary {\n      background: #fff;\n      color: var(--primary);\n      box-shadow: 0 12px 24px rgba(0, 0, 0, 0.16);\n    }\n\n    .hero-btn.secondary {\n      background: rgba(255,255,255,0.08);\n      color: #fff;\n      border-color: rgba(255,255,255,0.2);\n      backdrop-filter: blur(8px);\n    }\n\n    .hero-btn:hover {\n      transform: translateY(-2px);\n    }\n\n    .toolbar {\n      margin-top: 24px;\n      display: grid;\n      grid-template-columns: 1.3fr 1fr;\n      gap: 16px;\n      align-items: stretch;\n    }\n\n    .search-wrap,\n    .quick-nav {\n      background: var(--card);\n      border: 1px solid rgba(255,255,255,0.8);\n      backdrop-filter: blur(14px);\n      border-radius: 20px;\n      box-shadow: var(--shadow-soft);\n      padding: 18px;\n    }\n\n    .search-label,\n    .quick-nav h3 {\n      margin: 0 0 12px;\n      font-size: 0.94rem;\n      color: var(--text);\n      font-weight: 800;\n      letter-spacing: 0.01em;\n    }\n\n    .search-box {\n      position: relative;\n    }\n\n    .search-box input {\n      width: 100%;\n      height: 54px;\n      border: 1px solid var(--border);\n      border-radius: 16px;\n      background: #fff;\n      outline: none;\n      padding: 0 18px 0 52px;\n      font-size: 0.98rem;\n      color: var(--text);\n      transition: 0.2s ease;\n      box-shadow: inset 0 1px 0 rgba(255,255,255,0.7);\n    }\n\n    .search-box input:focus {\n      border-color: rgba(153, 0, 0, 0.35);\n      box-shadow: 0 0 0 4px rgba(153, 0, 0, 0.10);\n    }\n\n    .search-icon {\n      position: absolute;\n      left: 16px;\n      top: 50%;\n      transform: translateY(-50%);\n      font-size: 1.1rem;\n      opacity: 0.7;\n    }\n\n    .quick-nav-links {\n      display: flex;\n      flex-wrap: wrap;\n      gap: 10px;\n    }\n\n    .chip {\n      display: inline-flex;\n      align-items: center;\n      justify-content: center;\n      min-height: 42px;\n      padding: 10px 14px;\n      border-radius: 999px;\n      background: #fff;\n      color: var(--primary);\n      border: 1px solid rgba(153, 0, 0, 0.14);\n      font-weight: 700;\n      font-size: 0.92rem;\n      transition: 0.2s ease;\n    }\n\n    .chip:hover {\n      background: var(--primary);\n      color: #fff;\n      transform: translateY(-1px);\n    }\n\n    .stats {\n      display: grid;\n      grid-template-columns: repeat(4, 1fr);\n      gap: 16px;\n      margin-top: 22px;\n    }\n\n    .stat-card {\n      background: var(--card);\n      border: 1px solid rgba(255,255,255,0.9);\n      box-shadow: var(--shadow-soft);\n      border-radius: 20px;\n      padding: 22px;\n      backdrop-filter: blur(14px);\n    }\n\n    .stat-card span {\n      display: block;\n      color: var(--text-soft);\n      font-size: 0.9rem;\n      margin-bottom: 8px;\n      font-weight: 600;\n    }\n\n    .stat-card strong {\n      font-size: 2rem;\n      line-height: 1;\n      letter-spacing: -0.04em;\n      color: var(--primary);\n    }\n\n    .grid-sections {\n      display: grid;\n      gap: 26px;\n      margin-top: 30px;\n    }\n\n    .section-card {\n      position: relative;\n      overflow: hidden;\n      background: linear-gradient(180deg, rgba(255,255,255,0.98), rgba(255,255,255,0.92));\n      border: 1px solid rgba(255,255,255,0.9);\n      box-shadow: var(--shadow);\n      border-radius: var(--radius-xl);\n      padding: 28px;\n      backdrop-filter: blur(14px);\n    }\n\n    .section-card::before {\n      content: \"\";\n      position: absolute;\n      top: 0;\n      left: 0;\n      width: 100%;\n      height: 6px;\n      background: linear-gradient(90deg, var(--primary), var(--primary-2), #000000);\n    }\n\n    .section-header {\n      display: flex;\n      justify-content: space-between;\n      gap: 16px;\n      align-items: flex-start;\n      margin-bottom: 22px;\n      flex-wrap: wrap;\n    }\n\n    .section-title-wrap {\n      max-width: 820px;\n    }\n\n    .section-kicker {\n      display: inline-flex;\n      align-items: center;\n      gap: 8px;\n      padding: 8px 12px;\n      border-radius: 999px;\n      background: rgba(153, 0, 0, 0.08);\n      color: var(--primary);\n      font-size: 0.85rem;\n      font-weight: 800;\n      letter-spacing: 0.03em;\n      text-transform: uppercase;\n      margin-bottom: 12px;\n    }\n\n    .section-card h2 {\n      margin: 0;\n      font-size: clamp(1.4rem, 2.4vw, 2rem);\n      line-height: 1.08;\n      letter-spacing: -0.03em;\n    }\n\n    .section-card p {\n      margin: 12px 0 0;\n      color: var(--text-soft);\n      max-width: 840px;\n    }\n\n    .section-count {\n      display: inline-flex;\n      align-items: center;\n      justify-content: center;\n      min-width: 70px;\n      min-height: 70px;\n      padding: 12px;\n      border-radius: 22px;\n      background: linear-gradient(180deg, #fff8f8, #f7ecec);\n      border: 1px solid rgba(153, 0, 0, 0.12);\n      color: var(--primary);\n      font-weight: 900;\n      font-size: 1.4rem;\n      box-shadow: inset 0 1px 0 rgba(255,255,255,0.9);\n    }\n\n    .doc-grid {\n      display: grid;\n      grid-template-columns: repeat(2, minmax(0, 1fr));\n      gap: 18px;\n    }\n\n    .doc-card {\n      position: relative;\n      display: flex;\n      flex-direction: column;\n      gap: 14px;\n      padding: 22px;\n      border-radius: 22px;\n      background: linear-gradient(180deg, #ffffff, #fcfcfc);\n      border: 1px solid var(--border);\n      box-shadow: 0 10px 24px rgba(0, 0, 0, 0.05);\n      transition: transform 0.22s ease, box-shadow 0.22s ease, border-color 0.22s ease;\n    }\n\n    .doc-card:hover {\n      transform: translateY(-4px);\n      box-shadow: 0 16px 30px rgba(0, 0, 0, 0.08);\n      border-color: rgba(153, 0, 0, 0.24);\n    }\n\n    .doc-top {\n      display: flex;\n      gap: 14px;\n      align-items: flex-start;\n    }\n\n    .doc-icon {\n      flex: 0 0 54px;\n      width: 54px;\n      height: 54px;\n      border-radius: 16px;\n      display: grid;\n      place-items: center;\n      font-size: 1.45rem;\n      background: linear-gradient(180deg, #fff5f5, #fbe8e3);\n      color: var(--primary);\n      box-shadow: inset 0 1px 0 rgba(255,255,255,0.95);\n    }\n\n    .doc-text {\n      flex: 1;\n      min-width: 0;\n    }\n\n    .doc-category {\n      display: inline-block;\n      font-size: 0.74rem;\n      font-weight: 800;\n      letter-spacing: 0.05em;\n      text-transform: uppercase;\n      color: var(--accent);\n      margin-bottom: 8px;\n    }\n\n    .doc-title {\n      margin: 0;\n      font-size: 1.06rem;\n      line-height: 1.35;\n      letter-spacing: -0.015em;\n      color: var(--text);\n    }\n\n    .doc-meta {\n      margin: 0;\n      font-size: 0.94rem;\n      color: var(--text-soft);\n    }\n\n    .doc-ementa {\n      margin: 0;\n      padding: 14px 16px;\n      border-radius: 16px;\n      background: linear-gradient(180deg, #fffafa, #f8f0f0);\n      border: 1px solid rgba(153, 0, 0, 0.08);\n      color: #2f2f2f;\n      font-size: 0.93rem;\n      line-height: 1.6;\n    }\n\n    .doc-actions {\n      display: flex;\n      gap: 10px;\n      flex-wrap: wrap;\n      margin-top: auto;\n    }\n\n    .btn-doc {\n      display: inline-flex;\n      align-items: center;\n      justify-content: center;\n      gap: 8px;\n      min-height: 44px;\n      padding: 11px 16px;\n      border-radius: 14px;\n      font-weight: 800;\n      font-size: 0.92rem;\n      transition: 0.2s ease;\n    }\n\n    .btn-doc.primary {\n      background: linear-gradient(135deg, var(--primary), var(--primary-2));\n      color: #fff;\n      box-shadow: 0 10px 18px rgba(153, 0, 0, 0.18);\n    }\n\n    .btn-doc.secondary {\n      background: #ffffff;\n      color: var(--primary);\n      border: 1px solid rgba(153, 0, 0, 0.14);\n    }\n\n    .btn-doc:hover {\n      transform: translateY(-1px);\n    }\n\n    .footer-note {\n      margin-top: 30px;\n      padding: 18px 20px;\n      border-radius: 18px;\n      background: linear-gradient(180deg, #fff8f8, #f6efef);\n      color: var(--text-soft);\n      border: 1px dashed rgba(153, 0, 0, 0.22);\n      font-size: 0.96rem;\n    }\n\n    .highlight {\n      color: var(--primary);\n      font-weight: 800;\n    }\n\n    .hidden {\n      display: none !important;\n    }\n\n    @media (max-width: 1080px) {\n      .toolbar,\n      .doc-grid,\n      .stats {\n        grid-template-columns: 1fr;\n      }\n\n      .section-header {\n        align-items: stretch;\n      }\n\n      .section-count {\n        min-width: 100%;\n        min-height: 58px;\n        justify-content: flex-start;\n        padding-left: 18px;\n        border-radius: 16px;\n      }\n    }\n\n    @media (max-width: 720px) {\n      .portal-cme {\n        width: min(100% - 20px, var(--max));\n        margin: 18px auto 32px;\n      }\n\n      .hero,\n      .section-card,\n      .search-wrap,\n      .quick-nav,\n      .stat-card {\n        padding: 20px;\n      }\n\n      .hero-actions,\n      .doc-actions {\n        flex-direction: column;\n      }\n\n      .hero-btn,\n      .btn-doc {\n        width: 100%;\n      }\n\n      .doc-top {\n        gap: 12px;\n      }\n\n      .doc-icon {\n        width: 48px;\n        height: 48px;\n        flex-basis: 48px;\n        border-radius: 14px;\n        font-size: 1.2rem;\n      }\n\n      .chip {\n        width: 100%;\n      }\n    }\n  <\/style>\n<\/head>\n<body>\n  <section class=\"portal-cme\">\n    <header class=\"hero\">\n      <div class=\"hero-top\">\n        <span class=\"badge\">\ud83d\udcda Portal EPISTEME<\/span>\n        <span class=\"badge\">\ud83c\udfdb\ufe0f Conselho Municipal de Educa\u00e7\u00e3o<\/span>\n      <\/div>\n\n      <h1>Modelos oficiais para apoiar a elabora\u00e7\u00e3o de Pareceres, Leis e Resolu\u00e7\u00f5es do Conselho Municipal de Educa\u00e7\u00e3o<\/h1>\n      <p>\n        Esta vitrine foi estruturada para disponibilizar <strong>modelos-base<\/strong> de atos normativos e orientativos.\n        O p\u00fablico poder\u00e1 abrir, consultar e baixar cada documento como refer\u00eancia para a constru\u00e7\u00e3o dos seus pr\u00f3prios\n        textos, com organiza\u00e7\u00e3o visual clara, foco na utilidade pr\u00e1tica e destaque para a <strong>ementa<\/strong> de cada arquivo.\n      <\/p>\n\n      \n    <\/header>\n\n    <div class=\"toolbar\">\n      <div class=\"search-wrap\">\n        <h3 class=\"search-label\">Pesquisar documentos<\/h3>\n        <div class=\"search-box\">\n          <span class=\"search-icon\">\ud83d\udd0e<\/span>\n          <input type=\"text\" id=\"docSearch\" placeholder=\"Digite um tema, palavra-chave ou tipo de documento...\" \/>\n        <\/div>\n      <\/div>\n\n      <div class=\"quick-nav\">\n        <h3>Navega\u00e7\u00e3o r\u00e1pida<\/h3>\n        <div class=\"quick-nav-links\">\n          <a href=\"#pareceres\" class=\"chip\">Pareceres<\/a>\n          <a href=\"#leis\" class=\"chip\">Leis<\/a>\n          <a href=\"#resolucoes\" class=\"chip\">Resolu\u00e7\u00f5es<\/a>\n        <\/div>\n      <\/div>\n    <\/div>\n\n    <div class=\"stats\">\n      <div class=\"stat-card\">\n        <span>Total de pareceres<\/span>\n        <strong>9<\/strong>\n      <\/div>\n      <div class=\"stat-card\">\n        <span>Total de leis<\/span>\n        <strong>5<\/strong>\n      <\/div>\n      <div class=\"stat-card\">\n        <span>Total de resolu\u00e7\u00f5es<\/span>\n        <strong>9<\/strong>\n      <\/div>\n      <div class=\"stat-card\">\n        <span>Total geral<\/span>\n        <strong>23<\/strong>\n      <\/div>\n    <\/div>\n\n    <main class=\"grid-sections\">\n      <section class=\"section-card\" id=\"pareceres\">\n        <div class=\"section-header\">\n          <div class=\"section-title-wrap\">\n            <span class=\"section-kicker\">Cole\u00e7\u00e3o documental<\/span>\n            <h2>Pareceres<\/h2>\n            <p>\n              Documentos orientadores voltados \u00e0 organiza\u00e7\u00e3o pedag\u00f3gica, normativa e institucional do sistema municipal de ensino.\n            <\/p>\n          <\/div>\n          <div class=\"section-count\">09<\/div>\n        <\/div>\n\n        <div class=\"doc-grid\">\n          <article class=\"doc-card searchable\" data-search=\"parecer avalia\u00e7\u00e3o institucional acompanhamento sistema modelo ementa\">\n            <div class=\"doc-top\">\n              <div class=\"doc-icon\">\ud83d\udcd8<\/div>\n              <div class=\"doc-text\">\n                <span class=\"doc-category\">Modelo de parecer<\/span>\n                <h3 class=\"doc-title\">Avalia\u00e7\u00e3o Institucional e Acompanhamento do Sistema<\/h3>\n                <p class=\"doc-meta\">Modelo-base para elabora\u00e7\u00e3o de parecer sobre avalia\u00e7\u00e3o institucional, supervis\u00e3o e acompanhamento do sistema.<\/p>\n              <\/div>\n            <\/div>\n            <p class=\"doc-ementa\">Disp\u00f5e sobre a concep\u00e7\u00e3o, finalidade e diretrizes da avalia\u00e7\u00e3o institucional, supervis\u00e3o, inspe\u00e7\u00e3o escolar e acompanhamento sistem\u00e1tico das institui\u00e7\u00f5es e \u00f3rg\u00e3os integrantes do Sistema Municipal de Ensino, como fun\u00e7\u00f5es essenciais \u00e0 garantia da regularidade, da qualidade e da efetividade da oferta educacional.<\/p>\n            <div class=\"doc-actions\">\n              <a class=\"btn-doc primary\" href=\"https:\/\/docs.google.com\/document\/d\/1tfg9Gef2AeufVuojbSI8DVG5sKPAs2fn\/edit?usp=drive_link&#038;ouid=100299773477884730649&#038;rtpof=true&#038;sd=true\" target=\"_blank\" rel=\"noopener noreferrer\">Abrir modelo<\/a>\n            <\/div>\n          <\/article>\n\n          <article class=\"doc-card searchable\" data-search=\"parecer eja educa\u00e7\u00e3o de jovens e adultos modelo ementa\">\n            <div class=\"doc-top\">\n              <div class=\"doc-icon\">\ud83d\udcd8<\/div>\n              <div class=\"doc-text\">\n                <span class=\"doc-category\">Modelo de parecer<\/span>\n                <h3 class=\"doc-title\">Educa\u00e7\u00e3o de Jovens e Adultos &#8211; EJA<\/h3>\n                <p class=\"doc-meta\">Modelo de refer\u00eancia para parecer t\u00e9cnico-jur\u00eddico e pedag\u00f3gico sobre a modalidade EJA.<\/p>\n              <\/div>\n            <\/div>\n            <p class=\"doc-ementa\">Apresenta orienta\u00e7\u00e3o t\u00e9cnico-jur\u00eddica e pedag\u00f3gica sobre as novas diretrizes da Educa\u00e7\u00e3o de Jovens e Adultos, \u00e0 luz da Resolu\u00e7\u00e3o CNE\/CEB n\u00ba 3\/2025, alterada pela Resolu\u00e7\u00e3o CNE\/CEB n\u00ba 6\/2025, com \u00eanfase na garantia do direito \u00e0 educa\u00e7\u00e3o, na presencialidade como forma principal da oferta e na admiss\u00e3o de pr\u00e1ticas pedag\u00f3gicas n\u00e3o presenciais como instrumento adicional e complementar.<\/p>\n            <div class=\"doc-actions\">\n              <a class=\"btn-doc primary\" href=\"https:\/\/docs.google.com\/document\/d\/1mKj749ZtNiDL_O-ghb7IK7k4d6jHsjcr\/edit?usp=drive_link&#038;ouid=100299773477884730649&#038;rtpof=true&#038;sd=true\" target=\"_blank\" rel=\"noopener noreferrer\">Abrir modelo<\/a>\n            <\/div>\n          <\/article>\n\n          <article class=\"doc-card searchable\" data-search=\"parecer pol\u00edtica educa\u00e7\u00e3o especial inclusiva modelo ementa\">\n            <div class=\"doc-top\">\n              <div class=\"doc-icon\">\ud83d\udcd8<\/div>\n              <div class=\"doc-text\">\n                <span class=\"doc-category\">Modelo de parecer<\/span>\n                <h3 class=\"doc-title\">Pol\u00edtica de Educa\u00e7\u00e3o Especial e Inclusiva<\/h3>\n                <p class=\"doc-meta\">Modelo voltado \u00e0 constru\u00e7\u00e3o de parecer sobre pol\u00edtica municipal de educa\u00e7\u00e3o especial e inclusiva.<\/p>\n              <\/div>\n            <\/div>\n            <p class=\"doc-ementa\">Manifesta-se sobre a institui\u00e7\u00e3o da Pol\u00edtica Municipal de Educa\u00e7\u00e3o Especial e Inclusiva, definindo fundamentos, diretrizes e bases para a organiza\u00e7\u00e3o da oferta, do acompanhamento e do aperfei\u00e7oamento das a\u00e7\u00f5es voltadas \u00e0 garantia do acesso, da perman\u00eancia, da participa\u00e7\u00e3o e da aprendizagem dos estudantes p\u00fablico da educa\u00e7\u00e3o especial.<\/p>\n            <div class=\"doc-actions\">\n              <a class=\"btn-doc primary\" href=\"https:\/\/docs.google.com\/document\/d\/1E4QorSFJPETJm3EVN2svRYl302T8hxSm\/edit?usp=drive_link&#038;ouid=100299773477884730649&#038;rtpof=true&#038;sd=true\" target=\"_blank\" rel=\"noopener noreferrer\">Abrir modelo<\/a>\n            <\/div>\n          <\/article>\n\n          <article class=\"doc-card searchable\" data-search=\"parecer regimento escolar ppp projeto pol\u00edtico pedag\u00f3gico modelo ementa\">\n            <div class=\"doc-top\">\n              <div class=\"doc-icon\">\ud83d\udcd8<\/div>\n              <div class=\"doc-text\">\n                <span class=\"doc-category\">Modelo de parecer<\/span>\n                <h3 class=\"doc-title\">Regimento Escolar e PPP<\/h3>\n                <p class=\"doc-meta\">Modelo para orientar pareceres relacionados ao Regimento Escolar e ao Projeto Pol\u00edtico-Pedag\u00f3gico.<\/p>\n              <\/div>\n            <\/div>\n            <p class=\"doc-ementa\">Estabelece diretrizes para a elabora\u00e7\u00e3o, atualiza\u00e7\u00e3o, aprecia\u00e7\u00e3o e acompanhamento do Regimento Escolar e do Projeto Pol\u00edtico-Pedag\u00f3gico das unidades escolares do Sistema Municipal de Ensino, assegurando coer\u00eancia normativa, identidade institucional, organiza\u00e7\u00e3o pedag\u00f3gica e efetiva\u00e7\u00e3o da gest\u00e3o democr\u00e1tica.<\/p>\n            <div class=\"doc-actions\">\n              <a class=\"btn-doc primary\" href=\"https:\/\/docs.google.com\/document\/d\/1d3CvAe27MpMwhGaxYALRqzsVP0koUVzk\/edit?usp=drive_link&#038;ouid=100299773477884730649&#038;rtpof=true&#038;sd=true\" target=\"_blank\" rel=\"noopener noreferrer\">Abrir modelo<\/a>\n            <\/div>\n          <\/article>\n\n          <article class=\"doc-card searchable\" data-search=\"parecer ensino de 9 anos nove anos modelo ementa\">\n            <div class=\"doc-top\">\n              <div class=\"doc-icon\">\ud83d\udcd8<\/div>\n              <div class=\"doc-text\">\n                <span class=\"doc-category\">Modelo de parecer<\/span>\n                <h3 class=\"doc-title\">Ensino de 9 anos<\/h3>\n                <p class=\"doc-meta\">Modelo-base para parecer sobre a organiza\u00e7\u00e3o do Ensino Fundamental de 9 anos.<\/p>\n              <\/div>\n            <\/div>\n            <p class=\"doc-ementa\">Estabelece diretrizes para a organiza\u00e7\u00e3o do Ensino Fundamental de 9 anos no \u00e2mbito do Sistema Municipal de Ensino, contemplando matr\u00edcula, corte et\u00e1rio, organiza\u00e7\u00e3o curricular, avalia\u00e7\u00e3o da aprendizagem, continuidade do percurso escolar, gest\u00e3o democr\u00e1tica e adequa\u00e7\u00e3o normativa das unidades escolares.<\/p>\n            <div class=\"doc-actions\">\n              <a class=\"btn-doc primary\" href=\"https:\/\/docs.google.com\/document\/d\/1DA6R5ByIqYbE6JkzsUj0LXwLQoJ2h87H\/edit?usp=drive_link&#038;ouid=100299773477884730649&#038;rtpof=true&#038;sd=true\" target=\"_blank\" rel=\"noopener noreferrer\">Abrir modelo<\/a>\n            <\/div>\n          <\/article>\n\n          <article class=\"doc-card searchable\" data-search=\"parecer educa\u00e7\u00e3o infantil modelo ementa\">\n            <div class=\"doc-top\">\n              <div class=\"doc-icon\">\ud83d\udcd8<\/div>\n              <div class=\"doc-text\">\n                <span class=\"doc-category\">Modelo de parecer<\/span>\n                <h3 class=\"doc-title\">Educa\u00e7\u00e3o Infantil<\/h3>\n                <p class=\"doc-meta\">Modelo de refer\u00eancia para parecer voltado \u00e0 pol\u00edtica municipal de qualidade e equidade da educa\u00e7\u00e3o infantil.<\/p>\n              <\/div>\n            <\/div>\n            <p class=\"doc-ementa\">Manifesta-se sobre a implanta\u00e7\u00e3o da Pol\u00edtica Municipal de Qualidade e Equidade da Educa\u00e7\u00e3o Infantil, definindo fundamentos, objetivos, mecanismos de governan\u00e7a, monitoramento e estrat\u00e9gias de indu\u00e7\u00e3o da melhoria cont\u00ednua da oferta educacional \u00e0s crian\u00e7as de 0 a 5 anos no Sistema Municipal de Ensino.<\/p>\n            <div class=\"doc-actions\">\n              <a class=\"btn-doc primary\" href=\"https:\/\/docs.google.com\/document\/d\/1ukiilhvFhgsXMytaJlr7HCUMd9fBX_LD\/edit?usp=drive_link&#038;ouid=100299773477884730649&#038;rtpof=true&#038;sd=true\" target=\"_blank\" rel=\"noopener noreferrer\">Abrir modelo<\/a>\n            <\/div>\n          <\/article>\n\n          <article class=\"doc-card searchable\" data-search=\"parecer calend\u00e1rio escolar carga hor\u00e1ria frequ\u00eancia modelo ementa\">\n            <div class=\"doc-top\">\n              <div class=\"doc-icon\">\ud83d\udcd8<\/div>\n              <div class=\"doc-text\">\n                <span class=\"doc-category\">Modelo de parecer<\/span>\n                <h3 class=\"doc-title\">Calend\u00e1rio Escolar, Carga Hor\u00e1ria e Frequ\u00eancia<\/h3>\n                <p class=\"doc-meta\">Modelo para orientar pareceres sobre organiza\u00e7\u00e3o da vida escolar e regularidade da trajet\u00f3ria dos estudantes.<\/p>\n              <\/div>\n            <\/div>\n            <p class=\"doc-ementa\">Fixa diretrizes normativas para a organiza\u00e7\u00e3o da vida escolar no \u00e2mbito do Sistema Municipal de Ensino, disciplinando calend\u00e1rio escolar, carga hor\u00e1ria, controle de frequ\u00eancia, matr\u00edculas, transfer\u00eancias, registros acad\u00eamicos e regularidade da trajet\u00f3ria escolar dos estudantes.<\/p>\n            <div class=\"doc-actions\">\n              <a class=\"btn-doc primary\" href=\"https:\/\/docs.google.com\/document\/d\/13w5DjMNR4wMQiOx3pgbJ7H9UAVi0wUvN\/edit?usp=drive_link&#038;ouid=100299773477884730649&#038;rtpof=true&#038;sd=true\" target=\"_blank\" rel=\"noopener noreferrer\">Abrir modelo<\/a>\n            <\/div>\n          <\/article>\n\n          <article class=\"doc-card searchable\" data-search=\"parecer credenciamento autoriza\u00e7\u00e3o funcionamento escolas modelo ementa\">\n            <div class=\"doc-top\">\n              <div class=\"doc-icon\">\ud83d\udcd8<\/div>\n              <div class=\"doc-text\">\n                <span class=\"doc-category\">Modelo de parecer<\/span>\n                <h3 class=\"doc-title\">Credenciamento, Autoriza\u00e7\u00e3o e Funcionamento das Escolas<\/h3>\n                <p class=\"doc-meta\">Modelo de parecer para regularidade institucional, administrativa, pedag\u00f3gica e estrutural das escolas.<\/p>\n              <\/div>\n            <\/div>\n            <p class=\"doc-ementa\">Disp\u00f5e sobre os procedimentos de credenciamento, autoriza\u00e7\u00e3o de funcionamento, reconhecimento e supervis\u00e3o das institui\u00e7\u00f5es escolares do Sistema Municipal de Ensino, com defini\u00e7\u00e3o de par\u00e2metros m\u00ednimos de regularidade institucional, administrativa, pedag\u00f3gica, documental e estrutural das unidades escolares.<\/p>\n            <div class=\"doc-actions\">\n              <a class=\"btn-doc primary\" href=\"https:\/\/docs.google.com\/document\/d\/1W5j7HsecVj3zXa2ORZoSi76-2Jl6kJ_t\/edit?usp=drive_link&#038;ouid=100299773477884730649&#038;rtpof=true&#038;sd=true\" target=\"_blank\" rel=\"noopener noreferrer\">Abrir modelo<\/a>\n            <\/div>\n          <\/article>\n\n          <article class=\"doc-card searchable\" data-search=\"parecer fixa\u00e7\u00e3o de normas funcionamento sistema municipal ensino modelo ementa avalia\u00e7\u00e3o institucional acompanhamento documento complementar\">\n            <div class=\"doc-top\">\n              <div class=\"doc-icon\">\ud83d\udcd8<\/div>\n              <div class=\"doc-text\">\n                <span class=\"doc-category\">Modelo de parecer<\/span>\n                <h3 class=\"doc-title\">Avalia\u00e7\u00e3o Institucional e Acompanhamento do Sistema<\/h3>\n                <p class=\"doc-meta\">Modelo complementar dispon\u00edvel no acervo para consulta e adapta\u00e7\u00e3o conforme necessidade local.<\/p>\n              <\/div>\n            <\/div>\n            <p class=\"doc-ementa\">Estabelece as Normas Gerais de Funcionamento do Sistema Municipal de Ensino, fixando par\u00e2metros institucionais, administrativos, pedag\u00f3gicos e regulat\u00f3rios indispens\u00e1veis \u00e0 organiza\u00e7\u00e3o, estrutura\u00e7\u00e3o, operacionaliza\u00e7\u00e3o, supervis\u00e3o e acompanhamento das institui\u00e7\u00f5es educacionais vinculadas ao sistema local.<\/p>\n            <div class=\"doc-actions\">\n              <a class=\"btn-doc primary\" href=\"https:\/\/docs.google.com\/document\/d\/1WF06KCyYdGk6ozcLmbT5H1mhkMi8E5HD\/edit?usp=drive_link&#038;ouid=100299773477884730649&#038;rtpof=true&#038;sd=true\" target=\"_blank\" rel=\"noopener noreferrer\">Abrir modelo<\/a>\n            <\/div>\n          <\/article>\n        <\/div>\n      <\/section>\n\n      <section class=\"section-card\" id=\"leis\">\n        <div class=\"section-header\">\n          <div class=\"section-title-wrap\">\n            <span class=\"section-kicker\">Base legal<\/span>\n            <h2>Leis<\/h2>\n            <p>\n              Conjunto de leis que estruturam, regulamentam e fortalecem o Sistema Municipal de Educa\u00e7\u00e3o e suas pol\u00edticas p\u00fablicas.\n            <\/p>\n          <\/div>\n          <div class=\"section-count\">05<\/div>\n        <\/div>\n\n        <div class=\"doc-grid\">\n          <article class=\"doc-card searchable\" data-search=\"lei cria conselho municipal de educa\u00e7\u00e3o cme modelo ementa\">\n            <div class=\"doc-top\">\n              <div class=\"doc-icon\">\u2696\ufe0f<\/div>\n              <div class=\"doc-text\">\n                <span class=\"doc-category\">Modelo de lei<\/span>\n                <h3 class=\"doc-title\">Lei que cria o Conselho Municipal de Educa\u00e7\u00e3o<\/h3>\n                <p class=\"doc-meta\">Modelo-base para cria\u00e7\u00e3o formal do Conselho Municipal de Educa\u00e7\u00e3o.<\/p>\n              <\/div>\n            <\/div>\n            <p class=\"doc-ementa\">Disp\u00f5e sobre a cria\u00e7\u00e3o do Conselho Municipal de Educa\u00e7\u00e3o, definindo sua natureza colegiada, suas finalidades, compet\u00eancias, composi\u00e7\u00e3o, organiza\u00e7\u00e3o e funcionamento, como inst\u00e2ncia de normatiza\u00e7\u00e3o, delibera\u00e7\u00e3o, acompanhamento e controle social da pol\u00edtica educacional municipal.<\/p>\n            <div class=\"doc-actions\">\n              <a class=\"btn-doc primary\" href=\"https:\/\/docs.google.com\/document\/d\/1rw5DfzjWhZrVE6IQXgb4B-N2z6vlAeYV\/edit?usp=drive_link&#038;ouid=100299773477884730649&#038;rtpof=true&#038;sd=true\" target=\"_blank\" rel=\"noopener noreferrer\">Abrir modelo<\/a>\n            <\/div>\n          <\/article>\n\n          <article class=\"doc-card searchable\" data-search=\"lei sistema municipal de educa\u00e7\u00e3o modelo ementa\">\n            <div class=\"doc-top\">\n              <div class=\"doc-icon\">\u2696\ufe0f<\/div>\n              <div class=\"doc-text\">\n                <span class=\"doc-category\">Modelo de lei<\/span>\n                <h3 class=\"doc-title\">Lei do Sistema Municipal de Educa\u00e7\u00e3o<\/h3>\n                <p class=\"doc-meta\">Modelo para instituir, organizar e disciplinar o Sistema Municipal de Ensino.<\/p>\n              <\/div>\n            <\/div>\n            <p class=\"doc-ementa\">Institui, organiza e disciplina o Sistema Municipal de Ensino, definindo seus princ\u00edpios, objetivos, composi\u00e7\u00e3o, compet\u00eancias, mecanismos de governan\u00e7a democr\u00e1tica, planejamento, monitoramento, avalia\u00e7\u00e3o e articula\u00e7\u00e3o com os sistemas estadual e nacional de educa\u00e7\u00e3o.<\/p>\n            <div class=\"doc-actions\">\n              <a class=\"btn-doc primary\" href=\"https:\/\/docs.google.com\/document\/d\/16zNHSO0XdaRwyIBnLOGJ-b5IJxupqdYm\/edit?usp=drive_link&#038;ouid=100299773477884730649&#038;rtpof=true&#038;sd=true\" target=\"_blank\" rel=\"noopener noreferrer\">Abrir modelo<\/a>\n            <\/div>\n          <\/article>\n\n          <article class=\"doc-card searchable\" data-search=\"lei reestrutura\u00e7\u00e3o conselho municipal de educa\u00e7\u00e3o modelo ementa\">\n            <div class=\"doc-top\">\n              <div class=\"doc-icon\">\u2696\ufe0f<\/div>\n              <div class=\"doc-text\">\n                <span class=\"doc-category\">Modelo de lei<\/span>\n                <h3 class=\"doc-title\">Lei de Reestrutura\u00e7\u00e3o do Conselho Municipal de Educa\u00e7\u00e3o<\/h3>\n                <p class=\"doc-meta\">Modelo para redefinir natureza, compet\u00eancias e papel regulador do CME.<\/p>\n              <\/div>\n            <\/div>\n            <p class=\"doc-ementa\">Disp\u00f5e sobre a reestrutura\u00e7\u00e3o do Conselho Municipal de Educa\u00e7\u00e3o, redefinindo sua natureza como \u00f3rg\u00e3o colegiado regulador do Sistema Municipal de Ensino, com compet\u00eancias normativas, deliberativas, fiscalizat\u00f3rias e de acompanhamento das pol\u00edticas educacionais do Munic\u00edpio.<\/p>\n            <div class=\"doc-actions\">\n              <a class=\"btn-doc primary\" href=\"https:\/\/docs.google.com\/document\/d\/19s4uDP2F5gKqVJVIkRsD5jXuAeksKQ2k\/edit?usp=drive_link&#038;ouid=100299773477884730649&#038;rtpof=true&#038;sd=true\" target=\"_blank\" rel=\"noopener noreferrer\">Abrir modelo<\/a>\n            <\/div>\n          <\/article>\n\n          <article class=\"doc-card searchable\" data-search=\"lei programa educa\u00e7\u00e3o especial inclusiva modelo ementa\">\n            <div class=\"doc-top\">\n              <div class=\"doc-icon\">\u2696\ufe0f<\/div>\n              <div class=\"doc-text\">\n                <span class=\"doc-category\">Modelo de lei<\/span>\n                <h3 class=\"doc-title\">Lei do Programa de Educa\u00e7\u00e3o Especial e Inclusiva<\/h3>\n                <p class=\"doc-meta\">Modelo legal para assegurar pol\u00edtica municipal de educa\u00e7\u00e3o especial e inclusiva.<\/p>\n              <\/div>\n            <\/div>\n            <p class=\"doc-ementa\">Institui a Pol\u00edtica Municipal de Educa\u00e7\u00e3o Especial e Inclusiva, assegurando o acesso, a perman\u00eancia, a participa\u00e7\u00e3o e a aprendizagem dos estudantes p\u00fablico da educa\u00e7\u00e3o especial, com previs\u00e3o de atendimento educacional especializado, acessibilidade, apoios pedag\u00f3gicos, forma\u00e7\u00e3o profissional e monitoramento da pol\u00edtica no \u00e2mbito do sistema municipal de ensino.<\/p>\n            <div class=\"doc-actions\">\n              <a class=\"btn-doc primary\" href=\"https:\/\/docs.google.com\/document\/d\/1KPigl3y_TT1kQSl1bB1WD7SPDllq39n1\/edit?usp=drive_link&#038;ouid=100299773477884730649&#038;rtpof=true&#038;sd=true\" target=\"_blank\" rel=\"noopener noreferrer\">Abrir modelo<\/a>\n            <\/div>\n          <\/article>\n\n          <article class=\"doc-card searchable\" data-search=\"lei pol\u00edtica qualidade equidade educa\u00e7\u00e3o infantil modelo ementa\">\n            <div class=\"doc-top\">\n              <div class=\"doc-icon\">\u2696\ufe0f<\/div>\n              <div class=\"doc-text\">\n                <span class=\"doc-category\">Modelo de lei<\/span>\n                <h3 class=\"doc-title\">Lei da Pol\u00edtica de Qualidade e Equidade da Educa\u00e7\u00e3o Infantil<\/h3>\n                <p class=\"doc-meta\">Modelo-base para instituir a pol\u00edtica municipal de qualidade e equidade da educa\u00e7\u00e3o infantil.<\/p>\n              <\/div>\n            <\/div>\n            <p class=\"doc-ementa\">Institui a Pol\u00edtica Municipal de Qualidade e Equidade da Educa\u00e7\u00e3o Infantil, estabelecendo princ\u00edpios, diretrizes, instrumentos de implementa\u00e7\u00e3o, responsabilidades institucionais, mecanismos de monitoramento e estrat\u00e9gias de melhoria cont\u00ednua da oferta educativa \u00e0s crian\u00e7as da rede municipal.<\/p>\n            <div class=\"doc-actions\">\n              <a class=\"btn-doc primary\" href=\"https:\/\/docs.google.com\/document\/d\/1FGfCUlRnFwrhPJmobKWlaApqMkiVBKPj\/edit?usp=drive_link&#038;ouid=100299773477884730649&#038;rtpof=true&#038;sd=true\" target=\"_blank\" rel=\"noopener noreferrer\">Abrir modelo<\/a>\n            <\/div>\n          <\/article>\n        <\/div>\n      <\/section>\n\n      <section class=\"section-card\" id=\"resolucoes\">\n        <div class=\"section-header\">\n          <div class=\"section-title-wrap\">\n            <span class=\"section-kicker\">Normativas complementares<\/span>\n            <h2>Resolu\u00e7\u00f5es<\/h2>\n            <p>\n              Instrumentos normativos que regulamentam procedimentos, par\u00e2metros de funcionamento e organiza\u00e7\u00e3o do ensino municipal.\n            <\/p>\n          <\/div>\n          <div class=\"section-count\">09<\/div>\n        <\/div>\n\n        <div class=\"doc-grid\">\n          <article class=\"doc-card searchable\" data-search=\"resolu\u00e7\u00e3o avalia\u00e7\u00e3o institucional acompanhamento sistema modelo ementa\">\n            <div class=\"doc-top\">\n              <div class=\"doc-icon\">\ud83d\udcc4<\/div>\n              <div class=\"doc-text\">\n                <span class=\"doc-category\">Modelo de resolu\u00e7\u00e3o<\/span>\n                <h3 class=\"doc-title\">Avalia\u00e7\u00e3o Institucional e Acompanhamento do Sistema<\/h3>\n                <p class=\"doc-meta\">Modelo normativo para disciplinar avalia\u00e7\u00e3o institucional, supervis\u00e3o e inspe\u00e7\u00e3o escolar.<\/p>\n              <\/div>\n            <\/div>\n            <p class=\"doc-ementa\">Disp\u00f5e sobre a avalia\u00e7\u00e3o institucional, a supervis\u00e3o educacional, a inspe\u00e7\u00e3o escolar e o acompanhamento sistem\u00e1tico das institui\u00e7\u00f5es e \u00f3rg\u00e3os integrantes do Sistema Municipal de Ensino, estabelecendo diretrizes, procedimentos e instrumentos voltados \u00e0 garantia da regularidade, da qualidade e da efetividade da oferta educacional.<\/p>\n            <div class=\"doc-actions\">\n              <a class=\"btn-doc primary\" href=\"https:\/\/docs.google.com\/document\/d\/1C5Q6tsVoAQrKoYA6zhI9eNXRQC2vUjWs\/edit?usp=drive_link&#038;ouid=100299773477884730649&#038;rtpof=true&#038;sd=true\" target=\"_blank\" rel=\"noopener noreferrer\">Abrir modelo<\/a>\n            <\/div>\n          <\/article>\n\n          <article class=\"doc-card searchable\" data-search=\"resolu\u00e7\u00e3o eja educa\u00e7\u00e3o de jovens e adultos modelo ementa\">\n            <div class=\"doc-top\">\n              <div class=\"doc-icon\">\ud83d\udcc4<\/div>\n              <div class=\"doc-text\">\n                <span class=\"doc-category\">Modelo de resolu\u00e7\u00e3o<\/span>\n                <h3 class=\"doc-title\">Educa\u00e7\u00e3o de Jovens e Adultos &#8211; EJA<\/h3>\n                <p class=\"doc-meta\">Modelo de resolu\u00e7\u00e3o para regulamenta\u00e7\u00e3o da oferta da EJA no sistema municipal.<\/p>\n              <\/div>\n            <\/div>\n            <p class=\"doc-ementa\">Estabelece normas para a oferta da Educa\u00e7\u00e3o de Jovens e Adultos no \u00e2mbito do Sistema Municipal de Ensino, regulamenta a utiliza\u00e7\u00e3o de pr\u00e1ticas pedag\u00f3gicas n\u00e3o presenciais em car\u00e1ter adicional, complementar e excepcional, sem descaracteriza\u00e7\u00e3o da forma principal presencial da modalidade, e revoga ato normativo anterior em sentido diverso.<\/p>\n            <div class=\"doc-actions\">\n              <a class=\"btn-doc primary\" href=\"https:\/\/docs.google.com\/document\/d\/1wVJkA55LIXvqfXRw4MHKHyeDBNDfCzGm\/edit?usp=drive_link&#038;ouid=100299773477884730649&#038;rtpof=true&#038;sd=true\" target=\"_blank\" rel=\"noopener noreferrer\">Abrir modelo<\/a>\n            <\/div>\n          <\/article>\n\n          <article class=\"doc-card searchable\" data-search=\"resolu\u00e7\u00e3o pol\u00edtica educa\u00e7\u00e3o especial inclusiva modelo ementa\">\n            <div class=\"doc-top\">\n              <div class=\"doc-icon\">\ud83d\udcc4<\/div>\n              <div class=\"doc-text\">\n                <span class=\"doc-category\">Modelo de resolu\u00e7\u00e3o<\/span>\n                <h3 class=\"doc-title\">Pol\u00edtica de Educa\u00e7\u00e3o Especial e Inclusiva<\/h3>\n                <p class=\"doc-meta\">Modelo de resolu\u00e7\u00e3o para instituir diretrizes da pol\u00edtica municipal de educa\u00e7\u00e3o especial e inclusiva.<\/p>\n              <\/div>\n            <\/div>\n            <p class=\"doc-ementa\">Institui diretrizes para a Pol\u00edtica Municipal de Educa\u00e7\u00e3o Especial e Inclusiva no \u00e2mbito do Sistema Municipal de Ensino, com a finalidade de assegurar o acesso, a perman\u00eancia, a participa\u00e7\u00e3o, a aprendizagem, o desenvolvimento integral e a continuidade da trajet\u00f3ria escolar dos estudantes p\u00fablico da Educa\u00e7\u00e3o Especial, e d\u00e1 outras provid\u00eancias.<\/p>\n            <div class=\"doc-actions\">\n              <a class=\"btn-doc primary\" href=\"https:\/\/docs.google.com\/document\/d\/1fHIz3pIrk75tz5TEWLsfOe3iDJ-p9PX0\/edit?usp=drive_link&#038;ouid=100299773477884730649&#038;rtpof=true&#038;sd=true\" target=\"_blank\" rel=\"noopener noreferrer\">Abrir modelo<\/a>\n            <\/div>\n          <\/article>\n\n          <article class=\"doc-card searchable\" data-search=\"resolu\u00e7\u00e3o ensino de nove anos modelo ementa\">\n            <div class=\"doc-top\">\n              <div class=\"doc-icon\">\ud83d\udcc4<\/div>\n              <div class=\"doc-text\">\n                <span class=\"doc-category\">Modelo de resolu\u00e7\u00e3o<\/span>\n                <h3 class=\"doc-title\">Ensino de 9 anos<\/h3>\n                <p class=\"doc-meta\">Modelo para organiza\u00e7\u00e3o, funcionamento e diretrizes do Ensino Fundamental de 9 anos.<\/p>\n              <\/div>\n            <\/div>\n            <p class=\"doc-ementa\">Disp\u00f5e sobre a organiza\u00e7\u00e3o, o funcionamento e as diretrizes pedag\u00f3gicas e administrativas do Ensino Fundamental de 9 (nove) anos no \u00e2mbito do Sistema Municipal de Ensino, e d\u00e1 outras provid\u00eancias.<\/p>\n            <div class=\"doc-actions\">\n              <a class=\"btn-doc primary\" href=\"https:\/\/docs.google.com\/document\/d\/1hZ3oSZWXbdy-nyvtJ7KJy0HxR0Sks5MG\/edit?usp=drive_link&#038;ouid=100299773477884730649&#038;rtpof=true&#038;sd=true\" target=\"_blank\" rel=\"noopener noreferrer\">Abrir modelo<\/a>\n            <\/div>\n          <\/article>\n\n          <article class=\"doc-card searchable\" data-search=\"resolu\u00e7\u00e3o qualidade equidade educa\u00e7\u00e3o infantil modelo ementa\">\n            <div class=\"doc-top\">\n              <div class=\"doc-icon\">\ud83d\udcc4<\/div>\n              <div class=\"doc-text\">\n                <span class=\"doc-category\">Modelo de resolu\u00e7\u00e3o<\/span>\n                <h3 class=\"doc-title\">Qualidade e Equidade da Educa\u00e7\u00e3o Infantil<\/h3>\n                <p class=\"doc-meta\">Modelo de resolu\u00e7\u00e3o para instituir a pol\u00edtica municipal de qualidade e equidade da educa\u00e7\u00e3o infantil.<\/p>\n              <\/div>\n            <\/div>\n            <p class=\"doc-ementa\">Institui a Pol\u00edtica Municipal de Qualidade e Equidade da Educa\u00e7\u00e3o Infantil no \u00e2mbito do Sistema Municipal de Ensino, estabelecendo princ\u00edpios, diretrizes, dimens\u00f5es estruturantes, compet\u00eancias, mecanismos de implementa\u00e7\u00e3o, acompanhamento, avalia\u00e7\u00e3o e revis\u00e3o peri\u00f3dica, e d\u00e1 outras provid\u00eancias.<\/p>\n            <div class=\"doc-actions\">\n              <a class=\"btn-doc primary\" href=\"https:\/\/docs.google.com\/document\/d\/1XcuFwHtSsqjNLhlW-BWWqMHsA4Ln1agg\/edit?usp=drive_link&#038;ouid=100299773477884730649&#038;rtpof=true&#038;sd=true\" target=\"_blank\" rel=\"noopener noreferrer\">Abrir modelo<\/a>\n            <\/div>\n          <\/article>\n\n          <article class=\"doc-card searchable\" data-search=\"resolu\u00e7\u00e3o calend\u00e1rio carga hor\u00e1ria frequ\u00eancia modelo ementa\">\n            <div class=\"doc-top\">\n              <div class=\"doc-icon\">\ud83d\udcc4<\/div>\n              <div class=\"doc-text\">\n                <span class=\"doc-category\">Modelo de resolu\u00e7\u00e3o<\/span>\n                <h3 class=\"doc-title\">Calend\u00e1rio, Carga Hor\u00e1ria e Frequ\u00eancia<\/h3>\n                <p class=\"doc-meta\">Modelo normativo para disciplina da vida escolar, fluxo acad\u00eamico e frequ\u00eancia dos estudantes.<\/p>\n              <\/div>\n            <\/div>\n            <p class=\"doc-ementa\">Disp\u00f5e sobre calend\u00e1rio escolar, carga hor\u00e1ria, controle de frequ\u00eancia, matr\u00edculas, transfer\u00eancias, regularidade da vida escolar e procedimentos de acompanhamento do fluxo dos estudantes no \u00e2mbito do Sistema Municipal de Ensino, e d\u00e1 outras provid\u00eancias.<\/p>\n            <div class=\"doc-actions\">\n              <a class=\"btn-doc primary\" href=\"https:\/\/docs.google.com\/document\/d\/1RUPU-QlbdydgyKqcXL-YTvJZCpJieHx2\/edit?usp=drive_link&#038;ouid=100299773477884730649&#038;rtpof=true&#038;sd=true\" target=\"_blank\" rel=\"noopener noreferrer\">Abrir modelo<\/a>\n            <\/div>\n          <\/article>\n\n          <article class=\"doc-card searchable\" data-search=\"resolu\u00e7\u00e3o regimento escolar ppp modelo ementa projeto pol\u00edtico pedag\u00f3gico\">\n            <div class=\"doc-top\">\n              <div class=\"doc-icon\">\ud83d\udcc4<\/div>\n              <div class=\"doc-text\">\n                <span class=\"doc-category\">Modelo de resolu\u00e7\u00e3o<\/span>\n                <h3 class=\"doc-title\">Regimento Escolar e PPP<\/h3>\n                <p class=\"doc-meta\">Modelo de resolu\u00e7\u00e3o para elabora\u00e7\u00e3o, aprova\u00e7\u00e3o, acompanhamento e revis\u00e3o do Regimento Escolar e do PPP.<\/p>\n              <\/div>\n            <\/div>\n            <p class=\"doc-ementa\">Disp\u00f5e sobre a elabora\u00e7\u00e3o, atualiza\u00e7\u00e3o, aprecia\u00e7\u00e3o, aprova\u00e7\u00e3o, acompanhamento e revis\u00e3o do Regimento Escolar e do Projeto Pol\u00edtico-Pedag\u00f3gico das unidades escolares integrantes do Sistema Municipal de Ensino, e d\u00e1 outras provid\u00eancias.<\/p>\n            <div class=\"doc-actions\">\n              <a class=\"btn-doc primary\" href=\"https:\/\/docs.google.com\/document\/d\/1H_XiSKZ_1obBwgE1u7HBx8NavrCdPmtn\/edit?usp=drive_link&#038;ouid=100299773477884730649&#038;rtpof=true&#038;sd=true\" target=\"_blank\" rel=\"noopener noreferrer\">Abrir modelo<\/a>\n            <\/div>\n          <\/article>\n\n          <article class=\"doc-card searchable\" data-search=\"resolu\u00e7\u00e3o credenciamento autoriza\u00e7\u00e3o funcionamento unidades de ensino modelo ementa\">\n            <div class=\"doc-top\">\n              <div class=\"doc-icon\">\ud83d\udcc4<\/div>\n              <div class=\"doc-text\">\n                <span class=\"doc-category\">Modelo de resolu\u00e7\u00e3o<\/span>\n                <h3 class=\"doc-title\">Credenciamento e Autoriza\u00e7\u00e3o de Funcionamento de Unidades de Ensino<\/h3>\n                <p class=\"doc-meta\">Modelo de resolu\u00e7\u00e3o para credenciamento, reconhecimento e supervis\u00e3o das institui\u00e7\u00f5es educacionais.<\/p>\n              <\/div>\n            <\/div>\n            <p class=\"doc-ementa\">Disp\u00f5e sobre o credenciamento, a autoriza\u00e7\u00e3o de funcionamento, o reconhecimento e a supervis\u00e3o das institui\u00e7\u00f5es educacionais integrantes do Sistema Municipal de Ensino, fixa par\u00e2metros m\u00ednimos de regularidade institucional, pedag\u00f3gica, administrativa, documental e de infraestrutura para as unidades escolares, e d\u00e1 outras provid\u00eancias.<\/p>\n            <div class=\"doc-actions\">\n              <a class=\"btn-doc primary\" href=\"https:\/\/docs.google.com\/document\/d\/1cNEs-2x8926cucxdvltBTPURQABXVMpe\/edit?usp=drive_link&#038;ouid=100299773477884730649&#038;rtpof=true&#038;sd=true\" target=\"_blank\" rel=\"noopener noreferrer\">Abrir modelo<\/a>\n            <\/div>\n          <\/article>\n\n          <article class=\"doc-card searchable\" data-search=\"resolu\u00e7\u00e3o fixa\u00e7\u00e3o normas funcionamento sistema municipal de ensino modelo ementa\">\n            <div class=\"doc-top\">\n              <div class=\"doc-icon\">\ud83d\udcc4<\/div>\n              <div class=\"doc-text\">\n                <span class=\"doc-category\">Modelo de resolu\u00e7\u00e3o<\/span>\n                <h3 class=\"doc-title\">Fixa\u00e7\u00e3o de Normas de Funcionamento do Sistema Municipal de Ensino<\/h3>\n                <p class=\"doc-meta\">Modelo geral para organiza\u00e7\u00e3o, abrang\u00eancia, princ\u00edpios e par\u00e2metros de funcionamento do sistema municipal.<\/p>\n              <\/div>\n            <\/div>\n            <p class=\"doc-ementa\">Fixa as Normas Gerais de Funcionamento do Sistema Municipal de Ensino, disciplinando sua organiza\u00e7\u00e3o, abrang\u00eancia, princ\u00edpios orientadores, compet\u00eancias institucionais e par\u00e2metros gerais de funcionamento das institui\u00e7\u00f5es e \u00f3rg\u00e3os que o integram, e d\u00e1 outras provid\u00eancias.<\/p>\n            <div class=\"doc-actions\">\n              <a class=\"btn-doc primary\" href=\"https:\/\/docs.google.com\/document\/d\/11s7Dn2nuRg3-9OloL36u05Dmqn-OQMdZ\/edit?usp=drive_link&#038;ouid=100299773477884730649&#038;rtpof=true&#038;sd=true\" target=\"_blank\" rel=\"noopener noreferrer\">Abrir modelo<\/a>\n            <\/div>\n          <\/article>\n        <\/div>\n\n        <div class=\"footer-note\">\n          Dica: use o campo de busca para localizar termos como <span class=\"highlight\">EJA<\/span>, <span class=\"highlight\">Educa\u00e7\u00e3o Infantil<\/span>, <span class=\"highlight\">PPP<\/span>, <span class=\"highlight\">credenciamento<\/span>, <span class=\"highlight\">frequ\u00eancia<\/span> ou <span class=\"highlight\">ementa<\/span>. Cada card foi estruturado para funcionar como vitrine de <span class=\"highlight\">modelo-base<\/span>, facilitando a escolha do documento mais adequado antes da adapta\u00e7\u00e3o local.<\/div>\n      <\/section>\n    <\/main>\n  <\/section>\n\n  <script>\n    const searchInput = document.getElementById('docSearch');\n    const cards = document.querySelectorAll('.searchable');\n\n    searchInput.addEventListener('input', function () {\n      const term = this.value.toLowerCase().trim();\n\n      cards.forEach(card => {\n        const content = card.dataset.search.toLowerCase() + ' ' + card.innerText.toLowerCase();\n        const match = content.includes(term);\n        card.classList.toggle('hidden', !match);\n      });\n    });\n  <\/script>\n<\/body>\n<\/html>\n\n","protected":false},"excerpt":{"rendered":"<p>Portal EPISTEME | Conselho Municipal de Educa\u00e7\u00e3o \ud83d\udcda Portal EPISTEME \ud83c\udfdb\ufe0f Conselho Municipal de Educa\u00e7\u00e3o Modelos oficiais para apoiar a elabora\u00e7\u00e3o de Pareceres, Leis e Resolu\u00e7\u00f5es do Conselho Municipal de Educa\u00e7\u00e3o Esta vitrine foi estruturada para disponibilizar modelos-base de atos normativos e orientativos. O p\u00fablico poder\u00e1 abrir, consultar e baixar cada documento como refer\u00eancia para a constru\u00e7\u00e3o dos seus pr\u00f3prios textos, com organiza\u00e7\u00e3o visual clara, foco na utilidade pr\u00e1tica e destaque para a ementa de cada arquivo. Pesquisar documentos \ud83d\udd0e Navega\u00e7\u00e3o r\u00e1pida Pareceres Leis Resolu\u00e7\u00f5es Total de pareceres 9 Total de leis 5 Total de resolu\u00e7\u00f5es 9 Total geral 23 Cole\u00e7\u00e3o documental Pareceres Documentos orientadores voltados \u00e0 organiza\u00e7\u00e3o pedag\u00f3gica, normativa e institucional do sistema municipal de ensino. 09 \ud83d\udcd8 Modelo de parecer Avalia\u00e7\u00e3o Institucional e Acompanhamento do Sistema Modelo-base para elabora\u00e7\u00e3o de parecer sobre avalia\u00e7\u00e3o institucional, supervis\u00e3o e acompanhamento do sistema. Disp\u00f5e sobre a concep\u00e7\u00e3o, finalidade e diretrizes da avalia\u00e7\u00e3o institucional, supervis\u00e3o, inspe\u00e7\u00e3o escolar e acompanhamento sistem\u00e1tico das institui\u00e7\u00f5es e \u00f3rg\u00e3os integrantes do Sistema Municipal de Ensino, como fun\u00e7\u00f5es essenciais \u00e0 garantia da regularidade, da qualidade e da efetividade da oferta educacional. Abrir modelo \ud83d\udcd8 Modelo de parecer Educa\u00e7\u00e3o de Jovens e Adultos &#8211; EJA Modelo de refer\u00eancia para parecer t\u00e9cnico-jur\u00eddico e pedag\u00f3gico sobre a modalidade EJA. Apresenta orienta\u00e7\u00e3o t\u00e9cnico-jur\u00eddica e pedag\u00f3gica sobre as novas diretrizes da Educa\u00e7\u00e3o de Jovens e Adultos, \u00e0 luz da Resolu\u00e7\u00e3o CNE\/CEB n\u00ba 3\/2025, alterada pela Resolu\u00e7\u00e3o CNE\/CEB n\u00ba 6\/2025, com \u00eanfase na garantia do direito \u00e0 educa\u00e7\u00e3o, na presencialidade como forma principal da oferta e na admiss\u00e3o de pr\u00e1ticas pedag\u00f3gicas n\u00e3o presenciais como instrumento adicional e complementar. Abrir modelo \ud83d\udcd8 Modelo de parecer Pol\u00edtica de Educa\u00e7\u00e3o Especial e Inclusiva Modelo voltado \u00e0 constru\u00e7\u00e3o de parecer sobre pol\u00edtica municipal de educa\u00e7\u00e3o especial e inclusiva. Manifesta-se sobre a institui\u00e7\u00e3o da Pol\u00edtica Municipal de Educa\u00e7\u00e3o Especial e Inclusiva, definindo fundamentos, diretrizes e bases para a organiza\u00e7\u00e3o da oferta, do acompanhamento e do aperfei\u00e7oamento das a\u00e7\u00f5es voltadas \u00e0 garantia do acesso, da perman\u00eancia, da participa\u00e7\u00e3o e da aprendizagem dos estudantes p\u00fablico da educa\u00e7\u00e3o especial. Abrir modelo \ud83d\udcd8 Modelo de parecer Regimento Escolar e PPP Modelo para orientar pareceres relacionados ao Regimento Escolar e ao Projeto Pol\u00edtico-Pedag\u00f3gico. Estabelece diretrizes para a elabora\u00e7\u00e3o, atualiza\u00e7\u00e3o, aprecia\u00e7\u00e3o e acompanhamento do Regimento Escolar e do Projeto Pol\u00edtico-Pedag\u00f3gico das unidades escolares do Sistema Municipal de Ensino, assegurando coer\u00eancia normativa, identidade institucional, organiza\u00e7\u00e3o pedag\u00f3gica e efetiva\u00e7\u00e3o da gest\u00e3o democr\u00e1tica. Abrir modelo \ud83d\udcd8 Modelo de parecer Ensino de 9 anos Modelo-base para parecer sobre a organiza\u00e7\u00e3o do Ensino Fundamental de 9 anos. Estabelece diretrizes para a organiza\u00e7\u00e3o do Ensino Fundamental de 9 anos no \u00e2mbito do Sistema Municipal de Ensino, contemplando matr\u00edcula, corte et\u00e1rio, organiza\u00e7\u00e3o curricular, avalia\u00e7\u00e3o da aprendizagem, continuidade do percurso escolar, gest\u00e3o democr\u00e1tica e adequa\u00e7\u00e3o normativa das unidades escolares. Abrir modelo \ud83d\udcd8 Modelo de parecer Educa\u00e7\u00e3o Infantil Modelo de refer\u00eancia para parecer voltado \u00e0 pol\u00edtica municipal de qualidade e equidade da educa\u00e7\u00e3o infantil. Manifesta-se sobre a implanta\u00e7\u00e3o da Pol\u00edtica Municipal de Qualidade e Equidade da Educa\u00e7\u00e3o Infantil, definindo fundamentos, objetivos, mecanismos de governan\u00e7a, monitoramento e estrat\u00e9gias de indu\u00e7\u00e3o da melhoria cont\u00ednua da oferta educacional \u00e0s crian\u00e7as de 0 a 5 anos no Sistema Municipal de Ensino. Abrir modelo \ud83d\udcd8 Modelo de parecer Calend\u00e1rio Escolar, Carga Hor\u00e1ria e Frequ\u00eancia Modelo para orientar pareceres sobre organiza\u00e7\u00e3o da vida escolar e regularidade da trajet\u00f3ria dos estudantes. Fixa diretrizes normativas para a organiza\u00e7\u00e3o da vida escolar no \u00e2mbito do Sistema Municipal de Ensino, disciplinando calend\u00e1rio escolar, carga hor\u00e1ria, controle de frequ\u00eancia, matr\u00edculas, transfer\u00eancias, registros acad\u00eamicos e regularidade da trajet\u00f3ria escolar dos estudantes. Abrir modelo \ud83d\udcd8 Modelo de parecer Credenciamento, Autoriza\u00e7\u00e3o e Funcionamento das Escolas Modelo de parecer para regularidade institucional, administrativa, pedag\u00f3gica e estrutural das escolas. Disp\u00f5e sobre os procedimentos de credenciamento, autoriza\u00e7\u00e3o de funcionamento, reconhecimento e supervis\u00e3o das institui\u00e7\u00f5es escolares do Sistema Municipal de Ensino, com defini\u00e7\u00e3o de par\u00e2metros m\u00ednimos de regularidade institucional, administrativa, pedag\u00f3gica, documental e estrutural das unidades escolares. Abrir modelo \ud83d\udcd8 Modelo de parecer Avalia\u00e7\u00e3o Institucional e Acompanhamento do Sistema Modelo complementar dispon\u00edvel no acervo para consulta e adapta\u00e7\u00e3o conforme necessidade local. Estabelece as Normas Gerais de Funcionamento do Sistema Municipal de Ensino, fixando par\u00e2metros institucionais, administrativos, pedag\u00f3gicos e regulat\u00f3rios indispens\u00e1veis \u00e0 organiza\u00e7\u00e3o, estrutura\u00e7\u00e3o, operacionaliza\u00e7\u00e3o, supervis\u00e3o e acompanhamento das institui\u00e7\u00f5es educacionais vinculadas ao sistema local. Abrir modelo Base legal Leis Conjunto de leis que estruturam, regulamentam e fortalecem o Sistema Municipal de Educa\u00e7\u00e3o e suas pol\u00edticas p\u00fablicas. 05 \u2696\ufe0f Modelo de lei Lei que cria o Conselho Municipal de Educa\u00e7\u00e3o Modelo-base para cria\u00e7\u00e3o formal do Conselho Municipal de Educa\u00e7\u00e3o. Disp\u00f5e sobre a cria\u00e7\u00e3o do Conselho Municipal de Educa\u00e7\u00e3o, definindo sua natureza colegiada, suas finalidades, compet\u00eancias, composi\u00e7\u00e3o, organiza\u00e7\u00e3o e funcionamento, como inst\u00e2ncia de normatiza\u00e7\u00e3o, delibera\u00e7\u00e3o, acompanhamento e controle social da pol\u00edtica educacional municipal. Abrir modelo \u2696\ufe0f Modelo de lei Lei do Sistema Municipal de Educa\u00e7\u00e3o Modelo para instituir, organizar e disciplinar o Sistema Municipal de Ensino. Institui, organiza e disciplina o Sistema Municipal de Ensino, definindo seus princ\u00edpios, objetivos, composi\u00e7\u00e3o, compet\u00eancias, mecanismos de governan\u00e7a democr\u00e1tica, planejamento, monitoramento, avalia\u00e7\u00e3o e articula\u00e7\u00e3o com os sistemas estadual e nacional de educa\u00e7\u00e3o. Abrir modelo \u2696\ufe0f Modelo de lei Lei de Reestrutura\u00e7\u00e3o do Conselho Municipal de Educa\u00e7\u00e3o Modelo para redefinir natureza, compet\u00eancias e papel regulador do CME. Disp\u00f5e sobre a reestrutura\u00e7\u00e3o do Conselho Municipal de Educa\u00e7\u00e3o, redefinindo sua natureza como \u00f3rg\u00e3o colegiado regulador do Sistema Municipal de Ensino, com compet\u00eancias normativas, deliberativas, fiscalizat\u00f3rias e de acompanhamento das pol\u00edticas educacionais do Munic\u00edpio. Abrir modelo \u2696\ufe0f Modelo de lei Lei do Programa de Educa\u00e7\u00e3o Especial e Inclusiva Modelo legal para assegurar pol\u00edtica municipal de educa\u00e7\u00e3o especial e inclusiva. Institui a Pol\u00edtica Municipal de Educa\u00e7\u00e3o Especial e Inclusiva, assegurando o acesso, a perman\u00eancia, a participa\u00e7\u00e3o e a aprendizagem dos estudantes p\u00fablico da educa\u00e7\u00e3o especial, com previs\u00e3o de atendimento educacional especializado, acessibilidade, apoios pedag\u00f3gicos, forma\u00e7\u00e3o profissional e monitoramento da pol\u00edtica no \u00e2mbito do sistema municipal de ensino. Abrir modelo \u2696\ufe0f Modelo de lei Lei da Pol\u00edtica de Qualidade e Equidade da Educa\u00e7\u00e3o Infantil Modelo-base para instituir a pol\u00edtica municipal de qualidade e equidade da educa\u00e7\u00e3o infantil. Institui a Pol\u00edtica Municipal de Qualidade e<\/p>\n","protected":false},"author":1,"featured_media":0,"parent":0,"menu_order":0,"comment_status":"closed","ping_status":"closed","template":"","meta":{"footnotes":""},"class_list":["post-2696","page","type-page","status-publish","hentry"],"_links":{"self":[{"href":"https:\/\/epistemeonline.com\/index.php\/wp-json\/wp\/v2\/pages\/2696","targetHints":{"allow":["GET"]}}],"collection":[{"href":"https:\/\/epistemeonline.com\/index.php\/wp-json\/wp\/v2\/pages"}],"about":[{"href":"https:\/\/epistemeonline.com\/index.php\/wp-json\/wp\/v2\/types\/page"}],"author":[{"embeddable":true,"href":"https:\/\/epistemeonline.com\/index.php\/wp-json\/wp\/v2\/users\/1"}],"replies":[{"embeddable":true,"href":"https:\/\/epistemeonline.com\/index.php\/wp-json\/wp\/v2\/comments?post=2696"}],"version-history":[{"count":4,"href":"https:\/\/epistemeonline.com\/index.php\/wp-json\/wp\/v2\/pages\/2696\/revisions"}],"predecessor-version":[{"id":2700,"href":"https:\/\/epistemeonline.com\/index.php\/wp-json\/wp\/v2\/pages\/2696\/revisions\/2700"}],"wp:attachment":[{"href":"https:\/\/epistemeonline.com\/index.php\/wp-json\/wp\/v2\/media?parent=2696"}],"curies":[{"name":"wp","href":"https:\/\/api.w.org\/{rel}","templated":true}]}}